{"id":9779,"date":"2020-01-21T15:24:58","date_gmt":"2020-01-21T14:24:58","guid":{"rendered":"https:\/\/beachin.ch\/presse\/"},"modified":"2021-06-29T10:18:56","modified_gmt":"2021-06-29T08:18:56","slug":"presse","status":"publish","type":"page","link":"https:\/\/beachin.ch\/fr\/presse\/","title":{"rendered":"Presse"},"content":{"rendered":"<div class=\"wpb-content-wrapper\"><p>[vc_row][vc_column][vc_column_text]<\/p>\n<h1>Communiqu\u00e9s<\/h1>\n<p>[\/vc_column_text][vc_tta_accordion style=&#8221;outline&#8221; active_section=&#8221;1&#8243;][vc_tta_section title=&#8221;Tournage commercial de Quickline \u00e0 BeachIN&#8221; tab_id=&#8221;1624954215822-4d11fbd2-6fcf&#8221;][vc_column_text]<\/p>\n<div style=\"width: 780px;\" class=\"wp-video\"><!--[if lt IE 9]><script>document.createElement('video');<\/script><![endif]-->\n<video class=\"wp-video-shortcode\" id=\"video-9779-1\" width=\"780\" height=\"439\" preload=\"metadata\" controls=\"controls\"><source type=\"video\/mp4\" src=\"https:\/\/beachin.ch\/wp-content\/uploads\/2021\/06\/2021-05-20_Quickline_TV_Volleyball_16x9_WEB-2.mp4?_=1\" \/><a href=\"https:\/\/beachin.ch\/wp-content\/uploads\/2021\/06\/2021-05-20_Quickline_TV_Volleyball_16x9_WEB-2.mp4\">https:\/\/beachin.ch\/wp-content\/uploads\/2021\/06\/2021-05-20_Quickline_TV_Volleyball_16x9_WEB-2.mp4<\/a><\/video><\/div>\n<p>Quickline tournage commercial du 20.05.21<\/p>\n<p><strong>Source:<\/strong> <a href=\"https:\/\/quickline.ch\/\" target=\"_blank\" rel=\"noopener noreferrer\">Quickline<\/a>[\/vc_column_text][\/vc_tta_section][vc_tta_section title=&#8221;Swiss Location Award 2021&#8243; tab_id=&#8221;1624365698195-fb17b2bf-b597&#8243;][vc_single_image image=&#8221;15803&#8243;][vc_column_text]Nous avons re\u00e7u le label de qualit\u00e9 &#8220;Excellent&#8221; avec 8,4 points au Swiss Location Award 2021 et sommes donc officiellement, d\u00e8s \u00e0 pr\u00e9sent, l&#8217;un des meilleurs sites d&#8217;exp\u00e9rience en Suisse. Vous pouvez trouver plus d&#8217;informations sur notre prix sur <a href=\"https:\/\/www.eventlokale.ch\/sla2021-beste-erlebnislocations\">https:\/\/www.eventlokale.ch\/sla2021-beste-erlebnislocations<\/a>[\/vc_column_text][\/vc_tta_section][vc_tta_section title=&#8221;21.3.2021 TeleBielingue&#8221; tab_id=&#8221;1616414391601-d2a9de30-1274&#8243;][vc_column_text]<\/p>\n<div style=\"width: 780px;\" class=\"wp-video\"><video class=\"wp-video-shortcode\" id=\"video-9779-2\" width=\"780\" height=\"439\" preload=\"metadata\" controls=\"controls\"><source type=\"video\/mp4\" src=\"https:\/\/beachin.ch\/wp-content\/uploads\/2021\/03\/SPORT_1121_F_PL_WEB.mp4?_=2\" \/><a href=\"https:\/\/beachin.ch\/wp-content\/uploads\/2021\/03\/SPORT_1121_F_PL_WEB.mp4\">https:\/\/beachin.ch\/wp-content\/uploads\/2021\/03\/SPORT_1121_F_PL_WEB.mp4<\/a><\/video><\/div>\n<p>&nbsp;<\/p>\n<p><strong>Comme un air de vacances<\/strong><br \/>\n\u00c0 l&#8217;h\u00f4tel BeachIN \u00e0 Anet, il est encore possible de jouer au beach-volleyball, malgr\u00e9 la fermeture des salles de sport.<br \/>\nSource : <a href=\"https:\/\/www.telebielingue.ch\/fr\" target=\"_blank\" rel=\"noopener noreferrer\">TeleBielingue<\/a>[\/vc_column_text][\/vc_tta_section][vc_tta_section title=&#8221;14.01.2020 Canal 3&#8243; tab_id=&#8221;1579589607067-415ff888-3be0&#8243;][vc_single_image image=&#8221;2784&#8243; img_size=&#8221;300&#215;200&#8243;][vc_column_text]Interview sur la premi\u00e8re ann\u00e9e positive du BeachIN \u00e0 Canal3.<\/p>\n<p>Source : <a href=\"https:\/\/beachin.ch\/wp-content\/uploads\/2020\/01\/Canal3_Nachrichten_vom14012020.mp3\" target=\"_blank\" rel=\"noopener noreferrer\">Canal3<\/a>[\/vc_column_text][\/vc_tta_section][vc_tta_section title=&#8221;01.09.2019 Durst Zeitung&#8221; tab_id=&#8221;1579533559483-2bd8b686-7fb9&#8243;][vc_single_image image=&#8221;4698&#8243; img_size=&#8221;300&#215;200&#8243;][vc_column_text]<strong>Strandfeeling und ein weltweit einmaliges Konzept<\/strong><br \/>\nDas multifunktionale BeachIN in Ins wurde Anfang 2019 er\u00f6ffnet und ist weltweit einmalig: Der Komplex im Berner Seeland umfasst eine Sandsporthalle, ein Hotel mit Seminarraum, ein Restaurant mit Beach Bar, ein SPA und 500m2 B\u00fcror\u00e4umlichkeiten. Im Zentrum steht die Sandsporthalle, in der Beachvolley gespielt wird, aber auch Beachtennis, Beachbadmington, Beachhandball und Beachsoccer.<\/p>\n<p>Source: <a href=\"https:\/\/www.durstzeitung.ch\/epaper\/durst\/2019_09\/27\/#zoom=z\" target=\"_blank\" rel=\"noopener noreferrer\">Durst Zeitung<\/a>[\/vc_column_text][\/vc_tta_section][vc_tta_section title=&#8221;02.02.2019 Tagesanzeiger&#8221; tab_id=&#8221;1579533559520-c763da54-7653&#8243;][vc_single_image image=&#8221;2789&#8243; img_size=&#8221;300&#215;200&#8243;][vc_column_text]<strong>\u00abJeder B\u00fcrotag f\u00fchlt sich an wie eine Niederlage\u00bb<\/strong><br \/>\nAls Beachvolleyball-Profi war Martin Laciga die Weltnummer 1 und ein Star. Nach dem R\u00fccktritt kam er sich vor wie ein 16-J\u00e4hriger, der seinen Platz sucht. \u00abAm Anfang wollten viele etwas von mir, aber ich hatte kein Gef\u00fchl daf\u00fcr, was zu mir passte\u00bb, sagt der 44-J\u00e4hrige. Nun will er sich mehr von der Freude als vom Erfolgsdruck leiten lassen.<\/p>\n<p>Source: <a href=\"https:\/\/blog.tagesanzeiger.ch\/berufung\/index.php\/36807\/jeder-buerotag-fuehlt-sich-an-wie-eine-niederlage\/\"><strong>Tagesanzeiger<\/strong><\/a>[\/vc_column_text][\/vc_tta_section][vc_tta_section title=&#8221;08.02.2019 Bielertagblatt&#8221; tab_id=&#8221;1579533906744-40e5ee27-da87&#8243;][vc_single_image image=&#8221;2771&#8243; img_size=&#8221;300&#215;200&#8243;][vc_column_text]<strong>S\u00fcdsee in der Halle<\/strong><br \/>\nBeachvolleyball spielt man normalerweise am Strand. Der fr\u00fchere Topspieler Martin Laciga und sein Gesch\u00e4ftspartner Michael Abegglen bieten nun aber die M\u00f6glichkeit, auch im Winter und bei schlechtem Wetter zu spielen. In Ins betreiben die zwei seit kurzem eine Sandsporthalle.<\/p>\n<p>Source: <a href=\"https:\/\/bielertagblatt.ch\/\" target=\"_blank\" rel=\"noopener noreferrer\">Bielertagblatt<\/a>[\/vc_column_text][\/vc_tta_section][vc_tta_section title=&#8221;19.01. bis 21.01.2019 Canal 3&#8243; tab_id=&#8221;1579533984288-2b02d779-87ee&#8221;][vc_single_image image=&#8221;2784&#8243; img_size=&#8221;300&#215;200&#8243;][vc_column_text]Nos premi\u00e8res interviews sur Canal3. Beachvolley m\u00eame en hiver, c&#8217;est ce que disent les fondateurs et les visiteurs.<\/p>\n<p>Source: <a href=\"http:\/\/www.canal3.ch\/\" target=\"_blank\" rel=\"noopener noreferrer\">Canal3 (Le fichier audio n&#8217;est plus disponible)<\/a>[\/vc_column_text][\/vc_tta_section][vc_tta_section title=&#8221;17.01.2019 Bielertagblatt&#8221; tab_id=&#8221;1579534107037-1d540886-8e27&#8243;][vc_single_image image=&#8221;2477&#8243; img_size=&#8221;300&#215;200&#8243;][vc_column_text]In dieser Woche wird die neue BeachIn-Halle im Inser Industriezentrum (nahe Autobahn) mit diversen Aktivit\u00e4ten offiziell er\u00f6ffnet und in Betrieb genommen. Morgen steht unter anderem ein Showturnier ab 17 Uhr (bis ca 21 Uhr) auf dem Programm.<\/p>\n<p>Quelle: <a href=\"https:\/\/www.bielertagblatt.ch\/\" target=\"_blank\" rel=\"noopener noreferrer\">Bielertagblatt<\/a>[\/vc_column_text][\/vc_tta_section][\/vc_tta_accordion][\/vc_column][\/vc_row][vc_row][vc_column][vc_column_text]<\/p>\n<h1>BeachIN M\u00e9dia<\/h1>\n<p>[\/vc_column_text][\/vc_column][\/vc_row][vc_row][vc_column width=&#8221;1\/3&#8243;][vc_hoverbox image=&#8221;7646&#8243; primary_title=&#8221;\u00c9v\u00e9nements&#8221; hover_title=&#8221;Vers les images&#8230;&#8221; hover_background_color=&#8221;custom&#8221; hover_btn_title=&#8221;Vers les images&#8230;&#8221; hover_add_button=&#8221;true&#8221; hover_custom_background=&#8221;#da0051&#8243; hover_btn_link=&#8221;url:%2F%3Fpage_id%3D7520|title:Images%20%C3%A9v%C3%A9nements|target:%20_blank|&#8221;][\/vc_hoverbox][\/vc_column][vc_column width=&#8221;1\/3&#8243;][vc_hoverbox image=&#8221;7716&#8243; primary_title=&#8221;Beachsport&#8221; hover_title=&#8221;Vers les images&#8230;&#8221; hover_background_color=&#8221;custom&#8221; hover_btn_title=&#8221;Vers les images&#8230;&#8221; hover_add_button=&#8221;true&#8221; hover_custom_background=&#8221;#efc211&#8243; hover_btn_link=&#8221;url:%2F%3Fpage_id%3D7851|title:Images%20Beachsport|target:%20_blank|&#8221;][\/vc_hoverbox][\/vc_column][vc_column width=&#8221;1\/3&#8243;][vc_hoverbox image=&#8221;7871&#8243; primary_title=&#8221;Infrastructure&#8221; hover_title=&#8221;Vers les images&#8230;&#8221; hover_background_color=&#8221;custom&#8221; hover_btn_title=&#8221;Vers les images&#8230;&#8221; hover_add_button=&#8221;true&#8221; hover_custom_background=&#8221;#58a618&#8243; hover_btn_link=&#8221;url:%2F%3Fpage_id%3D7848|title:Images%20d%27Infrastructure|target:%20_blank|&#8221;][\/vc_hoverbox][\/vc_column][\/vc_row][vc_row][vc_column][vc_empty_space height=&#8221;40px&#8221;][\/vc_column][\/vc_row]<\/p>\n<\/div>","protected":false},"excerpt":{"rendered":"<p>[vc_row][vc_column][vc_column_text] Communiqu\u00e9s [\/vc_column_text][vc_tta_accordion style=&#8221;outline&#8221; active_section=&#8221;1&#8243;][vc_tta_section title=&#8221;Tournage commercial de Quickline \u00e0 BeachIN&#8221; tab_id=&#8221;1624954215822-4d11fbd2-6fcf&#8221;][vc_column_text] Quickline tournage commercial du 20.05.21 Source: Quickline[\/vc_column_text][\/vc_tta_section][vc_tta_section title=&#8221;Swiss Location Award 2021&#8243; tab_id=&#8221;1624365698195-fb17b2bf-b597&#8243;][vc_single_image image=&#8221;15803&#8243;][vc_column_text]Nous avons re\u00e7u le label de qualit\u00e9 &#8220;Excellent&#8221; avec 8,4 points au Swiss Location Award 2021 et sommes donc officiellement, d\u00e8s \u00e0 pr\u00e9sent, l&#8217;un des meilleurs sites d&#8217;exp\u00e9rience en Suisse. Vous <a class=\"more-link\" href=\"https:\/\/beachin.ch\/fr\/presse\/\">weiterlesen&#8230;<\/a><\/p>\n","protected":false},"author":1,"featured_media":0,"parent":0,"menu_order":0,"comment_status":"closed","ping_status":"closed","template":"","meta":{"footnotes":""},"yoast_head":"<!-- This site is optimized with the Yoast SEO plugin v14.4.1 - https:\/\/yoast.com\/wordpress\/plugins\/seo\/ -->\n<title>Presse &ndash; BeachIN Sport, Bar &amp; Hotel<\/title>\n<meta name=\"robots\" content=\"index, follow\" \/>\n<meta name=\"googlebot\" content=\"index, follow, max-snippet:-1, max-image-preview:large, max-video-preview:-1\" \/>\n<meta name=\"bingbot\" content=\"index, follow, max-snippet:-1, max-image-preview:large, max-video-preview:-1\" \/>\n<link rel=\"canonical\" href=\"https:\/\/beachin.ch\/fr\/presse\/\" \/>\n<meta property=\"og:locale\" content=\"fr_FR\" \/>\n<meta property=\"og:type\" content=\"article\" \/>\n<meta property=\"og:title\" content=\"Presse &ndash; BeachIN Sport, Bar &amp; Hotel\" \/>\n<meta property=\"og:description\" content=\"[vc_row][vc_column][vc_column_text] Communiqu\u00e9s [\/vc_column_text][vc_tta_accordion style=&#8221;outline&#8221; active_section=&#8221;1&#8243;][vc_tta_section title=&#8221;Tournage commercial de Quickline \u00e0 BeachIN&#8221; tab_id=&#8221;1624954215822-4d11fbd2-6fcf&#8221;][vc_column_text] Quickline tournage commercial du 20.05.21 Source: Quickline[\/vc_column_text][\/vc_tta_section][vc_tta_section title=&#8221;Swiss Location Award 2021&#8243; tab_id=&#8221;1624365698195-fb17b2bf-b597&#8243;][vc_single_image image=&#8221;15803&#8243;][vc_column_text]Nous avons re\u00e7u le label de qualit\u00e9 &#8220;Excellent&#8221; avec 8,4 points au Swiss Location Award 2021 et sommes donc officiellement, d\u00e8s \u00e0 pr\u00e9sent, l&#8217;un des meilleurs sites d&#8217;exp\u00e9rience en Suisse. Vous weiterlesen...\" \/>\n<meta property=\"og:url\" content=\"https:\/\/beachin.ch\/fr\/presse\/\" \/>\n<meta property=\"og:site_name\" content=\"BeachIN Sport, Bar &amp; Hotel\" \/>\n<meta property=\"article:modified_time\" content=\"2021-06-29T08:18:56+00:00\" \/>\n<meta name=\"twitter:card\" content=\"summary_large_image\" \/>\n<script type=\"application\/ld+json\" class=\"yoast-schema-graph\">{\"@context\":\"https:\/\/schema.org\",\"@graph\":[{\"@type\":\"WebSite\",\"@id\":\"https:\/\/beachin.ch\/fr\/#website\",\"url\":\"https:\/\/beachin.ch\/fr\/\",\"name\":\"BeachIN Sport, Bar &amp; Hotel\",\"description\":\"Strandfeeling das ganze Jahr!\",\"potentialAction\":[{\"@type\":\"SearchAction\",\"target\":\"https:\/\/beachin.ch\/fr\/?s={search_term_string}\",\"query-input\":\"required name=search_term_string\"}],\"inLanguage\":\"fr-FR\"},{\"@type\":\"WebPage\",\"@id\":\"https:\/\/beachin.ch\/fr\/presse\/#webpage\",\"url\":\"https:\/\/beachin.ch\/fr\/presse\/\",\"name\":\"Presse &ndash; BeachIN Sport, Bar &amp; Hotel\",\"isPartOf\":{\"@id\":\"https:\/\/beachin.ch\/fr\/#website\"},\"datePublished\":\"2020-01-21T14:24:58+00:00\",\"dateModified\":\"2021-06-29T08:18:56+00:00\",\"inLanguage\":\"fr-FR\",\"potentialAction\":[{\"@type\":\"ReadAction\",\"target\":[\"https:\/\/beachin.ch\/fr\/presse\/\"]}]}]}<\/script>\n<!-- \/ Yoast SEO plugin. -->","_links":{"self":[{"href":"https:\/\/beachin.ch\/fr\/wp-json\/wp\/v2\/pages\/9779"}],"collection":[{"href":"https:\/\/beachin.ch\/fr\/wp-json\/wp\/v2\/pages"}],"about":[{"href":"https:\/\/beachin.ch\/fr\/wp-json\/wp\/v2\/types\/page"}],"author":[{"embeddable":true,"href":"https:\/\/beachin.ch\/fr\/wp-json\/wp\/v2\/users\/1"}],"replies":[{"embeddable":true,"href":"https:\/\/beachin.ch\/fr\/wp-json\/wp\/v2\/comments?post=9779"}],"version-history":[{"count":9,"href":"https:\/\/beachin.ch\/fr\/wp-json\/wp\/v2\/pages\/9779\/revisions"}],"predecessor-version":[{"id":15975,"href":"https:\/\/beachin.ch\/fr\/wp-json\/wp\/v2\/pages\/9779\/revisions\/15975"}],"wp:attachment":[{"href":"https:\/\/beachin.ch\/fr\/wp-json\/wp\/v2\/media?parent=9779"}],"curies":[{"name":"wp","href":"https:\/\/api.w.org\/{rel}","templated":true}]}}