{"id":5079,"date":"2019-07-24T13:25:32","date_gmt":"2019-07-24T11:25:32","guid":{"rendered":"https:\/\/beachin.ch\/sport-de-plage\/reservation-fixe-des-terrains-de-beach\/"},"modified":"2019-09-16T13:24:49","modified_gmt":"2019-09-16T11:24:49","slug":"reservation-fixe-des-terrains-de-beach","status":"publish","type":"page","link":"https:\/\/beachin.ch\/fr\/sport-de-plage\/reservation-fixe-des-terrains-de-beach\/","title":{"rendered":"R\u00e9servation fixe des terrains de beach"},"content":{"rendered":"<div class=\"wpb-content-wrapper\"><p>[vc_row][vc_column][vc_column_text]<\/p>\n<h1>R\u00e9servation fixe des terrains de beach<\/h1>\n<p>Les r\u00e9servations hebdomadaires \u00e0 prix fixe sont possibles \u00e0 des tarifs sp\u00e9ciaux de fin septembre \/ d\u00e9but octobre \u00e0 fin mai \/ d\u00e9but juin (36 semaines). Un total de 20 cr\u00e9neaux (slots) de 90 minutes sera attribu\u00e9. Ceux-ci peuvent \u00eatre r\u00e9serv\u00e9s \u00e0 partir du 1er ao\u00fbt. Les frais seront factur\u00e9s \u00e0 l\u2019avance apr\u00e8s la r\u00e9servation et devront \u00eatre pay\u00e9s dans les 10 jours. Si le paiement n&#8217;est pas effectu\u00e9 \u00e0 temps, la r\u00e9servation sera lib\u00e9r\u00e9e. Les r\u00e9ductions et les coupons ne peuvent pas \u00eatre utilis\u00e9s pour les r\u00e9servations fixes. Un maximum de 4 rendez-vous tout au long de la saison peut \u00eatre report\u00e9s par \u00e9crit ou par t\u00e9l\u00e9phone 2 semaines \u00e0 l&#8217;avance. Ceci s&#8217;applique d&#8217;une part aux joueurs et d&#8217;autre part \u00e0 BeachIN GmbH (par exemple pour les r\u00e9servations d&#8217;\u00e9v\u00e9nements). Les dates de remplacement seront fix\u00e9es en accord. Si une r\u00e9servation de remplacement est s\u00e9lectionn\u00e9e \u00e0 un taux plus \u00e9lev\u00e9 (autres heures, apr\u00e8s-midi, soir\u00e9es), les frais suppl\u00e9mentaires doivent \u00eatre pay\u00e9s. Les r\u00e9servations fixes peuvent \u00eatre utilis\u00e9es par de diff\u00e9rentes personnes, un maximum de 8 personnes y est admis. L&#8217;utilisation du vestiaire et des douches ainsi que la TVA sont incluses dans le prix.<\/p>\n<p>Les frais par saison \u00e0 midi (entre 12h00 et 14h00) = CHF 1&#8217;500.\u2013<br \/>\nLes frais par saison l&#8217;apr\u00e8s-midi (entre 16h30 et 18h30) = CHF 1&#8217;750.\u2013<br \/>\nLes frais par saison le soir (entre 18h00 et 23h00) = CHF 2&#8217;000.\u2013<\/p>\n<p><strong>La saison de r\u00e9servation fixe 2019\/2020 commence \u00e0 la semaine 39 (23.09 \u2013 29.09.2019) et se termine \u00e0 la semaine 22 (25.05 \u2013 31.05.2020)<\/strong><\/p>\nPour les r\u00e9servations obligatoires, veuilles utiliser le formulaire en ligne (uniquement les dates r\u00e9servables seront affich\u00e9es).\n\n<p><strong>\n<\/strong><\/p>\n<p><a href=\"https:\/\/beachin.ch\/wp-content\/uploads\/2019\/07\/info_place_fix_Beachin_fr.pdf\" target=\"_blank\" rel=\"noopener noreferrer\">\u00bb R\u00e9servation fixe des terrains de beach (PDF)<\/a>[\/vc_column_text][vc_row_inner][vc_column_inner width=&#8221;7\/12&#8243;][vc_column_text]<strong>Dates et tarifs de r\u00e9servations fixes des terrrains:<br \/>\n<\/strong>36 x le lundi de 12h30 \u00e0 14h00 = CHF 1&#8217;500.\u2013<br \/>\n36 x le lundi de 17h00 \u00e0 18h30 = CHF 1&#8217;750.\u2013<br \/>\n36 x le lundi de 18h30 \u00e0 20h00 = CHF 2&#8217;000.\u2013<br \/>\n36 x le lundi de 20h00 \u00e0 21h30 = CHF 2&#8217;000.\u2013<br \/>\n36 x le lundi de 21h30 \u00e0 23h00 = CHF 2&#8217;000.\u2013<br \/>\n36 x le mardi de 12h00 \u00e0 13h30 = CHF 1&#8217;500.\u2013<br \/>\n36 x le mardi de 16h30 \u00e0 18h00 = CHF 1&#8217;750.\u2013<br \/>\n36 x le mardi de 18h00 \u00e0 19h30 = CHF 2&#8217;000.\u2013<br \/>\n36 x le mardi de 19h30 \u00e0 21h00 = CHF 2&#8217;000.\u2013<br \/>\n36 x le mardi de 21h00 \u00e0 22h30 = CHF 2&#8217;000.\u2013<br \/>\n36 x le mercredi de 12h30 \u00e0 14h00 = CHF 1&#8217;500.\u2013<br \/>\n36 x le mercredi de 17h00 \u00e0 18h30 = CHF 1&#8217;750.\u2013<br \/>\n36 x le mercredi de 18h30 \u00e0 20h00 = CHF 2&#8217;000.\u2013<br \/>\n36 x le mercredi de 20h00 \u00e0 21h30 = CHF 2&#8217;000.\u2013<br \/>\n36 x le mercredi de 21h30 \u00e0 23h00 = CHF 2&#8217;000.\u2013<br \/>\n36 x le jeudi de 12h00 \u00e0 13h30 = CHF 1&#8217;500.\u2013<br \/>\n36 x le jeudi de 16h30 \u00e0 18h00 = CHF 1&#8217;750.\u2013<br \/>\n36 x le jeudi de 18h00 \u00e0 19h30 = CHF 2&#8217;000.\u2013<br \/>\n36 x le jeudi de 19h30 \u00e0 21h00 = CHF 2&#8217;000.\u2013<br \/>\n36 x le jeudi de 21h00 \u00e0 22h30 = CHF 2&#8217;000.\u2013[\/vc_column_text][\/vc_column_inner][vc_column_inner width=&#8221;5\/12&#8243;]<div class=\"woocommerce\">\t\t\t<div class=\"single-product\" data-product-page-preselected-id=\"0\">\n\t\t\t\t<div id=\"product-5014\" class=\"tm-no-options product type-product post-5014 status-publish first instock product_cat-fixplatzbuchung-fr has-post-thumbnail shipping-taxable product-type-variable\">\n    <div class=\"vc_row wpb_row vc_row-fluid\">\n        <div class=\"vc_column-inner \">\n            <div class=\"wpb_column vc_column_container vc_col-md-7\" style='display:none'>\n                <div class=\"vc_column-inner \">\n                    <div class=\"summary entry-summary\">\n                                                    \n                            <div class=\"woocommerce-product-details__short-description\">\n                                                                <\/div>\n                            <table cellspacing=\"0\" cellpadding=\"0\" >\n                            <tr><tr><tr><td>places libres:<\/td><td>Lundi, 16h30 \u00e0 18h00: Ausgebucht<br>Lundi, 18h30 \u00e0 20h00: Ausgebucht<br>Lundi, 21h00 \u00e0 22h30: Ausgebucht<br>Mardi, 16h30 \u00e0 18h00: 1<br>Mardi, 18h00 \u00e0 19h30: Ausgebucht<br>Mardi, 21h00 \u00e0 22h30: 1<br>Mercredi, 12h30 \u00e0 14h00: 1<br>Mercredi, 17h00 \u00e0 18h30: 1<br>Mercredi, 18h30 \u00e0 20h00: Ausgebucht<br>Mercredi, 20h00 \u00e0 21h30: Ausgebucht<br>Mercredi, 21h30 \u00e0 23h00: 1<br>Jeudi, 12h00 \u00e0 13h30: 1<br>Jeudi, 16h30 \u00e0 18h00: 1<br>Jeudi, 18h00 \u00e0 19h30: 1<br>Jeudi, 21h00 \u00e0 22h30: Ausgebucht<br><\/td><\/tr>\n\n                            \n                                <tr class=\"sku_wrapper\"><td>UGS\u00a0:<\/td> <td class=\"sku\">BV-Fixplatz<\/td><\/tr>\n\n                            \n                                   \n                            <tr class=\"posted_in\"><td>Cat\u00e9gorie\u00a0:<\/td><td>Fixplatzbuchung<\/td><\/tr>\n                            \n                            <\/table>\n                            \n                                                <\/div>\n                    \n                <\/div>\n            <\/div>\n            <div class=\"wpb_column vc_column_container vc_col-md-12\"  >\n                <div class=\"wpb_column vc_column_container vc_col-md-12\" style=\"display:none\">\n                    <div class=\"vc_column-inner \">\n                                            <\/div>\n                <\/div>\n                <div class=\"wpb_column vc_column_container vc_col-md-12\">  \n                    <div class=\"vc_column-inner \">\n                        <div class=\"woocommerce-product-action fixplatz\" >\n                            <h3>R\u00e9servations<\/h3>\n                                                                                            \n                        <\/div>\n                     <\/div>\n                <\/div>\n            <\/div>\n                        \n            <div class=\"wpb_column vc_column_container vc_col-md-12\">\n                <div class=\"vc_column-inner \">\n                                                        <\/div>\n            <\/div>\n        <\/div>\n    <\/div>\n<\/div>\n\n\t\t\t<\/div>\n\t\t\t<\/div>\n[\/vc_column_inner][\/vc_row_inner][\/vc_column][\/vc_row]<\/p>\n<\/div>","protected":false},"excerpt":{"rendered":"<p>[vc_row][vc_column][vc_column_text] R\u00e9servation fixe des terrains de beach Les r\u00e9servations hebdomadaires \u00e0 prix fixe sont possibles \u00e0 des tarifs sp\u00e9ciaux de fin septembre \/ d\u00e9but octobre \u00e0 fin mai \/ d\u00e9but juin (36 semaines). Un total de 20 cr\u00e9neaux (slots) de 90 minutes sera attribu\u00e9. Ceux-ci peuvent \u00eatre r\u00e9serv\u00e9s \u00e0 partir du 1er ao\u00fbt. Les frais <a class=\"more-link\" href=\"https:\/\/beachin.ch\/fr\/produkt\/reservation-fixe-des-terrains-de-beach\/\">weiterlesen&#8230;<\/a><\/p>\n","protected":false},"author":1,"featured_media":0,"parent":1229,"menu_order":0,"comment_status":"closed","ping_status":"closed","template":"","meta":{"footnotes":""},"yoast_head":"<!-- This site is optimized with the Yoast SEO plugin v14.4.1 - https:\/\/yoast.com\/wordpress\/plugins\/seo\/ -->\n<title>R\u00e9servation fixe des terrains de beach &ndash; BeachIN Sport, Bar &amp; Hotel<\/title>\n<meta name=\"description\" content=\"Les r\u00e9servations hebdomadaires \u00e0 prix fixe sont possibles \u00e0 des tarifs sp\u00e9ciaux de fin septembre \/ d\u00e9but octobre \u00e0 fin mai \/ d\u00e9but juin\" \/>\n<meta name=\"robots\" content=\"index, follow\" \/>\n<meta name=\"googlebot\" content=\"index, follow, max-snippet:-1, max-image-preview:large, max-video-preview:-1\" \/>\n<meta name=\"bingbot\" content=\"index, follow, max-snippet:-1, max-image-preview:large, max-video-preview:-1\" \/>\n<link rel=\"canonical\" href=\"https:\/\/beachin.ch\/fr\/sport-de-plage\/reservation-fixe-des-terrains-de-beach\/\" \/>\n<meta property=\"og:locale\" content=\"fr_FR\" \/>\n<meta property=\"og:type\" content=\"article\" \/>\n<meta property=\"og:title\" content=\"R\u00e9servation fixe des terrains de beach &ndash; BeachIN Sport, Bar &amp; Hotel\" \/>\n<meta property=\"og:description\" content=\"Les r\u00e9servations hebdomadaires \u00e0 prix fixe sont possibles \u00e0 des tarifs sp\u00e9ciaux de fin septembre \/ d\u00e9but octobre \u00e0 fin mai \/ d\u00e9but juin\" \/>\n<meta property=\"og:url\" content=\"https:\/\/beachin.ch\/fr\/sport-de-plage\/reservation-fixe-des-terrains-de-beach\/\" \/>\n<meta property=\"og:site_name\" content=\"BeachIN Sport, Bar &amp; Hotel\" \/>\n<meta property=\"article:modified_time\" content=\"2019-09-16T11:24:49+00:00\" \/>\n<meta name=\"twitter:card\" content=\"summary_large_image\" \/>\n<script type=\"application\/ld+json\" class=\"yoast-schema-graph\">{\"@context\":\"https:\/\/schema.org\",\"@graph\":[{\"@type\":\"WebSite\",\"@id\":\"https:\/\/beachin.ch\/fr\/#website\",\"url\":\"https:\/\/beachin.ch\/fr\/\",\"name\":\"BeachIN Sport, Bar &amp; Hotel\",\"description\":\"Strandfeeling das ganze Jahr!\",\"potentialAction\":[{\"@type\":\"SearchAction\",\"target\":\"https:\/\/beachin.ch\/fr\/?s={search_term_string}\",\"query-input\":\"required name=search_term_string\"}],\"inLanguage\":\"fr-FR\"},{\"@type\":\"WebPage\",\"@id\":\"https:\/\/beachin.ch\/fr\/sport-de-plage\/reservation-fixe-des-terrains-de-beach\/#webpage\",\"url\":\"https:\/\/beachin.ch\/fr\/sport-de-plage\/reservation-fixe-des-terrains-de-beach\/\",\"name\":\"R\\u00e9servation fixe des terrains de beach &ndash; BeachIN Sport, Bar &amp; Hotel\",\"isPartOf\":{\"@id\":\"https:\/\/beachin.ch\/fr\/#website\"},\"datePublished\":\"2019-07-24T11:25:32+00:00\",\"dateModified\":\"2019-09-16T11:24:49+00:00\",\"description\":\"Les r\\u00e9servations hebdomadaires \\u00e0 prix fixe sont possibles \\u00e0 des tarifs sp\\u00e9ciaux de fin septembre \/ d\\u00e9but octobre \\u00e0 fin mai \/ d\\u00e9but juin\",\"inLanguage\":\"fr-FR\",\"potentialAction\":[{\"@type\":\"ReadAction\",\"target\":[\"https:\/\/beachin.ch\/fr\/sport-de-plage\/reservation-fixe-des-terrains-de-beach\/\"]}]}]}<\/script>\n<!-- \/ Yoast SEO plugin. -->","_links":{"self":[{"href":"https:\/\/beachin.ch\/fr\/wp-json\/wp\/v2\/pages\/5079"}],"collection":[{"href":"https:\/\/beachin.ch\/fr\/wp-json\/wp\/v2\/pages"}],"about":[{"href":"https:\/\/beachin.ch\/fr\/wp-json\/wp\/v2\/types\/page"}],"author":[{"embeddable":true,"href":"https:\/\/beachin.ch\/fr\/wp-json\/wp\/v2\/users\/1"}],"replies":[{"embeddable":true,"href":"https:\/\/beachin.ch\/fr\/wp-json\/wp\/v2\/comments?post=5079"}],"version-history":[{"count":4,"href":"https:\/\/beachin.ch\/fr\/wp-json\/wp\/v2\/pages\/5079\/revisions"}],"predecessor-version":[{"id":5936,"href":"https:\/\/beachin.ch\/fr\/wp-json\/wp\/v2\/pages\/5079\/revisions\/5936"}],"up":[{"embeddable":true,"href":"https:\/\/beachin.ch\/fr\/wp-json\/wp\/v2\/pages\/1229"}],"wp:attachment":[{"href":"https:\/\/beachin.ch\/fr\/wp-json\/wp\/v2\/media?parent=5079"}],"curies":[{"name":"wp","href":"https:\/\/api.w.org\/{rel}","templated":true}]}}