{"id":1326,"date":"2018-11-23T13:47:40","date_gmt":"2018-11-23T12:47:40","guid":{"rendered":"https:\/\/beachin.ch\/wordpress\/plan-du-site\/"},"modified":"2019-03-21T10:40:00","modified_gmt":"2019-03-21T09:40:00","slug":"plan-du-site","status":"publish","type":"page","link":"https:\/\/beachin.ch\/fr\/plan-du-site\/","title":{"rendered":"Plan du site"},"content":{"rendered":"<div class=\"wpb-content-wrapper\"><p>[vc_row][vc_column][vc_column_text]<\/p>\n<h1>Plan du site<\/h1>\n<div class=\"wsp-container\"><ul class=\"wsp-pages-list\">\n<li class=\"page_item page-item-18 page_item_has_children\"><a href=\"https:\/\/beachin.ch\/fr\/\">Startseite<\/a>\n<ul class='children'>\n\t<li class=\"page_item page-item-1665\"><a href=\"https:\/\/beachin.ch\/fr\/startseite\/beachsport\/\">Beachsport<\/a><\/li>\n\t<li class=\"page_item page-item-1766\"><a href=\"https:\/\/beachin.ch\/fr\/startseite\/merry-christmas-and-happy-new-year\/\">Merry Christmas and Happy New year!<\/a><\/li>\n<\/ul>\n<\/li>\n<li class=\"page_item page-item-1019\"><a href=\"https:\/\/beachin.ch\/fr\/panier\/\">Panier<\/a><\/li>\n<li class=\"page_item page-item-1216 page_item_has_children\"><a href=\"https:\/\/beachin.ch\/fr\/evenements\/\">Ev\u00e9nements<\/a>\n<ul class='children'>\n\t<li class=\"page_item page-item-5478\"><a href=\"https:\/\/beachin.ch\/fr\/evenements\/reservation-moni\/\">Moni fait la cuisine hongroise<\/a><\/li>\n\t<li class=\"page_item page-item-6555 page_item_has_children\"><a href=\"https:\/\/beachin.ch\/fr\/evenements\/paquets-devenement\/\">Paquets d&#8217;\u00e9v\u00e9nement<\/a>\n\t<ul class='children'>\n\t\t<li class=\"page_item page-item-6253\"><a href=\"https:\/\/beachin.ch\/fr\/evenements\/paquets-devenement\/evenement-entreprise\/\">\u00c9v\u00e9nement d&#8217;entreprise \/ d&#8217;\u00e9quipe<\/a><\/li>\n\t\t<li class=\"page_item page-item-6568\"><a href=\"https:\/\/beachin.ch\/fr\/evenements\/paquets-devenement\/fete-danniversaire\/\">F\u00eate d&#8217;anniversaire<\/a><\/li>\n\t\t<li class=\"page_item page-item-6574\"><a href=\"https:\/\/beachin.ch\/fr\/evenements\/paquets-devenement\/fete-a-la-plage\/\">F\u00eate \u00e0 la plage<\/a><\/li>\n\t\t<li class=\"page_item page-item-7514\"><a href=\"https:\/\/beachin.ch\/fr\/evenements\/paquets-devenement\/seminaire-a-la-plage\/\">S\u00e9minaire \u00e0 la plage<\/a><\/li>\n\t\t<li class=\"page_item page-item-7576\"><a href=\"https:\/\/beachin.ch\/fr\/evenements\/paquets-devenement\/fetes-des-enfants\/\">F\u00eates des enfants<\/a><\/li>\n\t<\/ul>\n<\/li>\n\t<li class=\"page_item page-item-6255\"><a href=\"https:\/\/beachin.ch\/fr\/evenements\/back-to-summer-party\/\">Back to summer party<\/a><\/li>\n\t<li class=\"page_item page-item-7511\"><a href=\"https:\/\/beachin.ch\/fr\/evenements\/olympiade-des-jeux\/\">Olympiade des jeux<\/a><\/li>\n\t<li class=\"page_item page-item-7455\"><a href=\"https:\/\/beachin.ch\/fr\/evenements\/tarifs\/\">tarifs<\/a><\/li>\n\t<li class=\"page_item page-item-7594\"><a href=\"https:\/\/beachin.ch\/fr\/evenements\/infrastructure\/\">Infrastructure<\/a><\/li>\n\t<li class=\"page_item page-item-9213\"><a href=\"https:\/\/beachin.ch\/fr\/evenements\/silvester-im-sand\/\">Silvester \u2013 Beachfun 31.12.2022<\/a><\/li>\n\t<li class=\"page_item page-item-9767 page_item_has_children\"><a href=\"https:\/\/beachin.ch\/fr\/evenements\/archives-des-evenements\/\">Impressions des \u00e9v\u00e9nements<\/a>\n\t<ul class='children'>\n\t\t<li class=\"page_item page-item-8786\"><a href=\"https:\/\/beachin.ch\/fr\/evenements\/archives-des-evenements\/back-to-summer-party-2\/\">Back to summer party<\/a><\/li>\n\t\t<li class=\"page_item page-item-8954\"><a href=\"https:\/\/beachin.ch\/fr\/evenements\/archives-des-evenements\/eventfabrique\/\">\u00c9v\u00e9nement priv\u00e9 &#8211; 29.11.2019<\/a><\/li>\n\t\t<li class=\"page_item page-item-9761\"><a href=\"https:\/\/beachin.ch\/fr\/evenements\/archives-des-evenements\/soiree-du-personnel-wohnguet-taeuffelen\/\">Soir\u00e9e du personnel<\/a><\/li>\n\t\t<li class=\"page_item page-item-9763\"><a href=\"https:\/\/beachin.ch\/fr\/evenements\/archives-des-evenements\/fete-danniversaire-04-01-2020\/\">F\u00eate d&#8217;anniversaire &#8211; 04.01.2020<\/a><\/li>\n\t\t<li class=\"page_item page-item-10208\"><a href=\"https:\/\/beachin.ch\/fr\/evenements\/archives-des-evenements\/fete-danniversaire-02-02-2020\/\">F\u00eate d&#8217;anniversaire &#8211; 02.02.2020<\/a><\/li>\n\t\t<li class=\"page_item page-item-10225\"><a href=\"https:\/\/beachin.ch\/fr\/evenements\/archives-des-evenements\/soiree-de-la-compagnie-29-01-2020\/\">Soir\u00e9e de la compagnie &#8211; 29.01.2020<\/a><\/li>\n\t\t<li class=\"page_item page-item-10386\"><a href=\"https:\/\/beachin.ch\/fr\/evenements\/archives-des-evenements\/beachsoccer-tournoi-fc-aarberg-08-02-2020\/\">Beachsoccer-Tournoi FC Aarberg &#8211; 08.02.2020<\/a><\/li>\n\t\t<li class=\"page_item page-item-10409\"><a href=\"https:\/\/beachin.ch\/fr\/evenements\/archives-des-evenements\/fete-danniversaire-08-02-2020\/\">F\u00eate d&#8217;anniversaire &#8211; 08.02.2020<\/a><\/li>\n\t\t<li class=\"page_item page-item-10511\"><a href=\"https:\/\/beachin.ch\/fr\/evenements\/archives-des-evenements\/beachsoccer-tournoi-fc-aarberg-08-02-2020-2\/\">Beachsoccer-Tournoi FC Aarberg &#8211; 08.02.2020<\/a><\/li>\n\t\t<li class=\"page_item page-item-10587\"><a href=\"https:\/\/beachin.ch\/fr\/evenements\/archives-des-evenements\/team-event-equipe-masculine-12-02-20\/\">Team-Event \u00c9quipe masculine &#8211; 12.02.20<\/a><\/li>\n\t\t<li class=\"page_item page-item-10629\"><a href=\"https:\/\/beachin.ch\/fr\/evenements\/archives-des-evenements\/fete-du-personnel-24-01-2020\/\">F\u00eate du personnel &#8211; 24.01.2020<\/a><\/li>\n\t\t<li class=\"page_item page-item-10990\"><a href=\"https:\/\/beachin.ch\/fr\/evenements\/archives-des-evenements\/evenement-dentreprise-21-02-2020\/\">\u00c9v\u00e9nement d&#8217;entreprise &#8211; 21.02.2020<\/a><\/li>\n\t\t<li class=\"page_item page-item-10992\"><a href=\"https:\/\/beachin.ch\/fr\/evenements\/archives-des-evenements\/fete-danniversaire-22-02-2020\/\">F\u00eate d&#8217;anniversaire &#8211; 22.02.2020<\/a><\/li>\n\t\t<li class=\"page_item page-item-13128\"><a href=\"https:\/\/beachin.ch\/fr\/evenements\/archives-des-evenements\/fete-danniversaire-du-22-08-2020\/\">F\u00eate d&#8217;anniversaire du 22.08.2020<\/a><\/li>\n\t\t<li class=\"page_item page-item-13133\"><a href=\"https:\/\/beachin.ch\/fr\/evenements\/archives-des-evenements\/celebration-de-mariage-du-05-09-2020\/\">C\u00e9l\u00e9bration de mariage du 05.09.2020<\/a><\/li>\n\t\t<li class=\"page_item page-item-13136\"><a href=\"https:\/\/beachin.ch\/fr\/evenements\/archives-des-evenements\/evenement-dequipe-du-17-09-2020\/\">\u00c9v\u00e9nement d&#8217;\u00e9quipe du 17.09.2020<\/a><\/li>\n\t\t<li class=\"page_item page-item-13138\"><a href=\"https:\/\/beachin.ch\/fr\/evenements\/archives-des-evenements\/fete-danniversaire-du-26-09-2020\/\">F\u00eate d&#8217;anniversaire du 26.09.2020<\/a><\/li>\n\t\t<li class=\"page_item page-item-13141\"><a href=\"https:\/\/beachin.ch\/fr\/evenements\/archives-des-evenements\/fete-danniversaire-du-03-10-2020\/\">F\u00eate d&#8217;anniversaire du 03.10.2020<\/a><\/li>\n\t<\/ul>\n<\/li>\n\t<li class=\"page_item page-item-11046\"><a href=\"https:\/\/beachin.ch\/fr\/evenements\/oldies-party\/\">Oldies &#8211; Beachparty<\/a><\/li>\n\t<li class=\"page_item page-item-17644\"><a href=\"https:\/\/beachin.ch\/fr\/evenements\/calendrier-des-evenements\/\">Calendrier des \u00e9v\u00e9nements<\/a><\/li>\n\t<li class=\"page_item page-item-29926\"><a href=\"https:\/\/beachin.ch\/fr\/evenements\/tournoi-fun-samedi-1er-novembre-2025\/\">Tournoi Fun &#8211; Samedi 1er novembre 2025<\/a><\/li>\n<\/ul>\n<\/li>\n<li class=\"page_item page-item-1223 page_item_has_children\"><a href=\"https:\/\/beachin.ch\/fr\/seminaire\/\">S\u00e9minaire<\/a>\n<ul class='children'>\n\t<li class=\"page_item page-item-4418\"><a href=\"https:\/\/beachin.ch\/fr\/seminaire\/tarifs\/\">Tarifs<\/a><\/li>\n\t<li class=\"page_item page-item-4575\"><a href=\"https:\/\/beachin.ch\/fr\/seminaire\/reserver-une-salle-de-seminaire\/\">R\u00e9server une salle de s\u00e9minaire<\/a><\/li>\n\t<li class=\"page_item page-item-8070\"><a href=\"https:\/\/beachin.ch\/fr\/seminaire\/infrastructure\/\">Infrastructure<\/a><\/li>\n<\/ul>\n<\/li>\n<li class=\"page_item page-item-1229 page_item_has_children\"><a href=\"https:\/\/beachin.ch\/fr\/sport-de-plage\/\">Sport de plage<\/a>\n<ul class='children'>\n\t<li class=\"page_item page-item-1645 page_item_has_children\"><a href=\"https:\/\/beachin.ch\/fr\/sport-de-plage\/onlinereservation-kleinfeld\/\">R\u00e9server un terrain de beach-volley<\/a>\n\t<ul class='children'>\n\t\t<li class=\"page_item page-item-22256\"><a href=\"https:\/\/beachin.ch\/fr\/sport-de-plage\/onlinereservation-kleinfeld\/feld-online-buchen-test\/\">Feld online buchen &#8212; Test<\/a><\/li>\n\t<\/ul>\n<\/li>\n\t<li class=\"page_item page-item-2603 page_item_has_children\"><a href=\"https:\/\/beachin.ch\/fr\/sport-de-plage\/cours\/\">Cours<\/a>\n\t<ul class='children'>\n\t\t<li class=\"page_item page-item-10853\"><a href=\"https:\/\/beachin.ch\/fr\/sport-de-plage\/cours\/cours-du-week-end-3-2020\/\">Cours du week-end 3 2020<\/a><\/li>\n\t<\/ul>\n<\/li>\n\t<li class=\"page_item page-item-2610 page_item_has_children\"><a href=\"https:\/\/beachin.ch\/fr\/sport-de-plage\/open-play-spontane-et-facile\/\">Open Play<\/a>\n\t<ul class='children'>\n\t\t<li class=\"page_item page-item-20021\"><a href=\"https:\/\/beachin.ch\/fr\/sport-de-plage\/open-play-spontane-et-facile\/open-play\/\">Open Play<\/a><\/li>\n\t<\/ul>\n<\/li>\n\t<li class=\"page_item page-item-4466\"><a href=\"https:\/\/beachin.ch\/fr\/sport-de-plage\/tarifs\/\">Tarifs<\/a><\/li>\n\t<li class=\"page_item page-item-5079\"><a href=\"https:\/\/beachin.ch\/fr\/sport-de-plage\/reservation-fixe-des-terrains-de-beach\/\">R\u00e9servation fixe des terrains de beach<\/a><\/li>\n\t<li class=\"page_item page-item-5797\"><a href=\"https:\/\/beachin.ch\/fr\/sport-de-plage\/plan-doccupation\/\">Plan d&#8217;occupation<\/a><\/li>\n\t<li class=\"page_item page-item-6276 page_item_has_children\"><a href=\"https:\/\/beachin.ch\/fr\/sport-de-plage\/tournois\/\">Tournois<\/a>\n\t<ul class='children'>\n\t\t<li class=\"page_item page-item-11132\"><a href=\"https:\/\/beachin.ch\/fr\/sport-de-plage\/tournois\/tournois-fun-22-mixed-19-01-2020\/\">Tournois &#8220;fun&#8221; 2:2 mixed &#8211; 19.01.2020<\/a><\/li>\n\t\t<li class=\"page_item page-item-13116\"><a href=\"https:\/\/beachin.ch\/fr\/sport-de-plage\/tournois\/tournoi-swiss-volley-septembre-2020\/\">Tournoi Swiss-Volley Septembre 2020<\/a><\/li>\n\t<\/ul>\n<\/li>\n\t<li class=\"page_item page-item-7611\"><a href=\"https:\/\/beachin.ch\/fr\/sport-de-plage\/infrastructure\/\">Infrastructure<\/a><\/li>\n\t<li class=\"page_item page-item-10706\"><a href=\"https:\/\/beachin.ch\/fr\/sport-de-plage\/cours-du-week-end-2-2019\/\">Cours du week-end 2 2019<\/a><\/li>\n\t<li class=\"page_item page-item-13975\"><a href=\"https:\/\/beachin.ch\/fr\/sport-de-plage\/beach-and-eat\/\">Beach and eat<\/a><\/li>\n\t<li class=\"page_item page-item-14512\"><a href=\"https:\/\/beachin.ch\/fr\/sport-de-plage\/beach_eat_sleep\/\">Beach Eat Sleep<\/a><\/li>\n\t<li class=\"page_item page-item-21784\"><a href=\"https:\/\/beachin.ch\/fr\/sport-de-plage\/inscription-au-tournoi\/\">Inscription au tournoi<\/a><\/li>\n<\/ul>\n<\/li>\n<li class=\"page_item page-item-1247 page_item_has_children\"><a href=\"https:\/\/beachin.ch\/fr\/hotel\/\">H\u00f4tel<\/a>\n<ul class='children'>\n\t<li class=\"page_item page-item-3725\"><a href=\"https:\/\/beachin.ch\/fr\/hotel\/1-wohnung\/\">Appartement \u00abAngaga\u00bb<\/a><\/li>\n\t<li class=\"page_item page-item-19420\"><a href=\"https:\/\/beachin.ch\/fr\/hotel\/chambre-ayada\/\">Chambre \u00abAyada\u00bb<\/a><\/li>\n\t<li class=\"page_item page-item-4122\"><a href=\"https:\/\/beachin.ch\/fr\/hotel\/chambre-bandos\/\">Chambre \u00abBandos\u00bb<\/a><\/li>\n\t<li class=\"page_item page-item-4132\"><a href=\"https:\/\/beachin.ch\/fr\/hotel\/hotel-chambre-embudu\/\">Chambre \u00abEmbudu\u00bb<\/a><\/li>\n\t<li class=\"page_item page-item-4139\"><a href=\"https:\/\/beachin.ch\/fr\/hotel\/hotel-chambre-kuredu\/\">Chambre \u00abKuredu\u00bb<\/a><\/li>\n\t<li class=\"page_item page-item-4153\"><a href=\"https:\/\/beachin.ch\/fr\/hotel\/hotel-studio-soneva\/\">Studio \u00abSoneva\u00bb<\/a><\/li>\n\t<li class=\"page_item page-item-4341\"><a href=\"https:\/\/beachin.ch\/fr\/hotel\/chambre-niyama\/\">Chambre \u00abNiyama\u00bb<\/a><\/li>\n\t<li class=\"page_item page-item-4524\"><a href=\"https:\/\/beachin.ch\/fr\/hotel\/tarifs\/\">Tarifs<\/a><\/li>\n\t<li class=\"page_item page-item-7982\"><a href=\"https:\/\/beachin.ch\/fr\/hotel\/infrastructure\/\">Infrastructure<\/a><\/li>\n\t<li class=\"page_item page-item-8066\"><a href=\"https:\/\/beachin.ch\/fr\/hotel\/informations-dhotel\/\">Informations d&#8217;h\u00f4tel<\/a><\/li>\n\t<li class=\"page_item page-item-19428\"><a href=\"https:\/\/beachin.ch\/fr\/hotel\/zimmer-meeru\/\">Chambre \u00abMeeru\u00bb<\/a><\/li>\n\t<li class=\"page_item page-item-19434\"><a href=\"https:\/\/beachin.ch\/fr\/hotel\/zimmer-kurumba\/\">Chambre \u00abKurumba\u00bb<\/a><\/li>\n<\/ul>\n<\/li>\n<li class=\"page_item page-item-1252\"><a href=\"https:\/\/beachin.ch\/fr\/spa\/\">Spa<\/a><\/li>\n<li class=\"page_item page-item-1258 page_item_has_children\"><a href=\"https:\/\/beachin.ch\/fr\/beach-bar\/\">Beach-Bar<\/a>\n<ul class='children'>\n\t<li class=\"page_item page-item-6490\"><a href=\"https:\/\/beachin.ch\/fr\/beach-bar\/horaires-douverture\/\">horaires d&#8217;ouverture<\/a><\/li>\n\t<li class=\"page_item page-item-8073\"><a href=\"https:\/\/beachin.ch\/fr\/beach-bar\/infrastructure\/\">Infrastructure<\/a><\/li>\n\t<li class=\"page_item page-item-8796\"><a href=\"https:\/\/beachin.ch\/fr\/beach-bar\/plat-apero\/\">Plat Ap\u00e9ro<\/a><\/li>\n<\/ul>\n<\/li>\n<li class=\"page_item page-item-1276\"><a href=\"https:\/\/beachin.ch\/fr\/ueber-uns\/\">\u00c0 propos de nous<\/a><\/li>\n<li class=\"page_item page-item-1305 page_item_has_children\"><a href=\"https:\/\/beachin.ch\/fr\/newsletter\/\">Newsletter<\/a>\n<ul class='children'>\n\t<li class=\"page_item page-item-1317\"><a href=\"https:\/\/beachin.ch\/fr\/newsletter\/newsletter-profilanforderungen\/\">Newsletter Profilanforderungen<\/a><\/li>\n<\/ul>\n<\/li>\n<li class=\"page_item page-item-1326\"><a href=\"https:\/\/beachin.ch\/fr\/plan-du-site\/\">Plan du site<\/a><\/li>\n<li class=\"page_item page-item-1330\"><a href=\"https:\/\/beachin.ch\/fr\/cg\/\">CG<\/a><\/li>\n<li class=\"page_item page-item-1365 page_item_has_children\"><a href=\"https:\/\/beachin.ch\/fr\/mybeachin\/\">MyBeachIN<\/a>\n<ul class='children'>\n\t<li class=\"page_item page-item-1021\"><a href=\"https:\/\/beachin.ch\/fr\/mybeachin\/mon-compte\/\">Mon compte<\/a><\/li>\n\t<li class=\"page_item page-item-1368\"><a href=\"https:\/\/beachin.ch\/fr\/mybeachin\/password-reset\/\">Password Reset<\/a><\/li>\n\t<li class=\"page_item page-item-1370 page_item_has_children\"><a href=\"https:\/\/beachin.ch\/fr\/mybeachin\/register\/\">sinscrire<\/a>\n\t<ul class='children'>\n\t\t<li class=\"page_item page-item-20606\"><a href=\"https:\/\/beachin.ch\/fr\/mybeachin\/register\/enregistrement-reussi\/\">Enregistrement r\u00e9ussi<\/a><\/li>\n\t<\/ul>\n<\/li>\n<\/ul>\n<\/li>\n<li class=\"page_item page-item-3212\"><a href=\"https:\/\/beachin.ch\/fr\/jobs\/\">Jobs<\/a><\/li>\n<li class=\"page_item page-item-1501\"><a href=\"https:\/\/beachin.ch\/fr\/protection-des-donnees\/\">Protection des donn\u00e9es<\/a><\/li>\n<li class=\"page_item page-item-1514\"><a href=\"https:\/\/beachin.ch\/fr\/mentions-legales\/\">Mentions l\u00e9gales<\/a><\/li>\n<li class=\"page_item page-item-1531\"><a href=\"https:\/\/beachin.ch\/fr\/contact\/\">Contact<\/a><\/li>\n<li class=\"page_item page-item-2542\"><a href=\"https:\/\/beachin.ch\/fr\/news\/\">News<\/a><\/li>\n<li class=\"page_item page-item-4617\"><a href=\"https:\/\/beachin.ch\/fr\/tarifs\/\">Tarifs<\/a><\/li>\n<li class=\"page_item page-item-4860\"><a href=\"https:\/\/beachin.ch\/fr\/webcam\/\">Webcams<\/a><\/li>\n<li class=\"page_item page-item-25944\"><a href=\"https:\/\/beachin.ch\/fr\/beachfun-de-nouvel-an\/\">Beachfun de Nouvel An<\/a><\/li>\n<li class=\"page_item page-item-5929\"><a href=\"https:\/\/beachin.ch\/fr\/reserver-une-chambre\/\">R\u00e9server une chambre<\/a><\/li>\n<li class=\"page_item page-item-5977\"><a href=\"https:\/\/beachin.ch\/fr\/plan-de-situation\/\">Plan de situation<\/a><\/li>\n<li class=\"page_item page-item-6052\"><a href=\"https:\/\/beachin.ch\/fr\/coaching\/\">Coaching<\/a><\/li>\n<li class=\"page_item page-item-8866\"><a href=\"https:\/\/beachin.ch\/fr\/bon-cadeau\/\">Bons-cadeaux<\/a><\/li>\n<li class=\"page_item page-item-9091\"><a href=\"https:\/\/beachin.ch\/fr\/family-day\/\">Family Day<\/a><\/li>\n<li class=\"page_item page-item-9779\"><a href=\"https:\/\/beachin.ch\/fr\/presse\/\">Presse<\/a><\/li>\n<li class=\"page_item page-item-11227\"><a href=\"https:\/\/beachin.ch\/fr\/infos-corona-au-beachin\/\">Infos Corona au BeachIN<\/a><\/li>\n<li class=\"page_item page-item-12164\"><a href=\"https:\/\/beachin.ch\/fr\/special-bagages-gratuit-ete-automne-2020\/\">Sp\u00e9cial bagages gratuit \u00e9t\u00e9 \/ automne 2020<\/a><\/li>\n<li class=\"page_item page-item-12577\"><a href=\"https:\/\/beachin.ch\/fr\/inscription-ritmo-do-brazil\/\">Inscription Ritmo do Brazil<\/a><\/li>\n<li class=\"page_item page-item-12670\"><a href=\"https:\/\/beachin.ch\/fr\/nouveau-bulletin-dinformation-se-desabonner\/\">Nouveau bulletin d&#8217;information Se d\u00e9sabonner<\/a><\/li>\n<li class=\"page_item page-item-12686\"><a href=\"https:\/\/beachin.ch\/fr\/newsletter-nouvelle-confirmation-double-opt-in\/\">Newsletter Nouvelle confirmation Double-Opt-In<\/a><\/li>\n<li class=\"page_item page-item-15571\"><a href=\"https:\/\/beachin.ch\/fr\/public-viewing\/\">Public-Viewing \u00e0 BeachIN<\/a><\/li>\n<li class=\"page_item page-item-16315\"><a href=\"https:\/\/beachin.ch\/fr\/shootings\/\">Shootings \u00e0 BeachIN<\/a><\/li>\n<li class=\"page_item page-item-16063\"><a href=\"https:\/\/beachin.ch\/fr\/swiss-location-award\/\">Swiss Location Award<\/a><\/li>\n<li class=\"page_item page-item-16514\"><a href=\"https:\/\/beachin.ch\/fr\/menus-speciaux\/\">Menus sp\u00e9ciaux<\/a><\/li>\n<li class=\"page_item page-item-17041\"><a href=\"https:\/\/beachin.ch\/fr\/baeren-ruedis-eglifilets\/\">filet_perche_baeren<\/a><\/li>\n<li class=\"page_item page-item-20475\"><a href=\"https:\/\/beachin.ch\/fr\/x-mas-blacklight-openplayparty-23-12-2022\/\">X-Mas-Blacklight-Openplayparty 23.12.2022<\/a><\/li>\n<li class=\"page_item page-item-17818\"><a href=\"https:\/\/beachin.ch\/fr\/fete-danniversaire-111221\/\">11.12.2021 F\u00eate d&#8217;anniversaire &#8211; 65 personnes<\/a><\/li>\n<li class=\"page_item page-item-17826\"><a href=\"https:\/\/beachin.ch\/fr\/evenement-dentreprise-271121\/\">27.11.2021 \u00c9v\u00e9nement d&#8217;entreprise &#8211; 200 personnes<\/a><\/li>\n<li class=\"page_item page-item-17900\"><a href=\"https:\/\/beachin.ch\/fr\/evenements-divers\/\">\u00e9v\u00e9nements divers septembre &#8211; novembre<\/a><\/li>\n<li class=\"page_item page-item-25947\"><a href=\"https:\/\/beachin.ch\/fr\/beachbrunch-avec-jeux-et-amusement-dans-le-sable\/\">Beachbrunch avec jeux et amusement dans le sable<\/a><\/li>\n<\/ul>\n<\/div>[\/vc_column_text][\/vc_column][\/vc_row][vc_row full_width=&#8221;stretch_row_content_no_spaces&#8221; css_animation=&#8221;slideInUp&#8221; css=&#8221;.vc_custom_1539348550023{margin-right: 0px !important;margin-bottom: 0px !important;border-bottom-width: 0px !important;padding-bottom: 0px !important;}&#8221;][vc_column][vc_widget_sidebar sidebar_id=&#8221;extended_footer_newsletter&#8221;][\/vc_column][\/vc_row]<\/p>\n<\/div>","protected":false},"excerpt":{"rendered":"<p>[vc_row][vc_column][vc_column_text] Plan du site [\/vc_column_text][\/vc_column][\/vc_row][vc_row full_width=&#8221;stretch_row_content_no_spaces&#8221; css_animation=&#8221;slideInUp&#8221; css=&#8221;.vc_custom_1539348550023{margin-right: 0px !important;margin-bottom: 0px !important;border-bottom-width: 0px !important;padding-bottom: 0px !important;}&#8221;][vc_column][vc_widget_sidebar sidebar_id=&#8221;extended_footer_newsletter&#8221;][\/vc_column][\/vc_row]<\/p>\n","protected":false},"author":1,"featured_media":0,"parent":0,"menu_order":0,"comment_status":"closed","ping_status":"closed","template":"","meta":{"footnotes":""},"yoast_head":"<!-- This site is optimized with the Yoast SEO plugin v14.4.1 - https:\/\/yoast.com\/wordpress\/plugins\/seo\/ -->\n<title>Plan du site &ndash; BeachIN Sport, Bar &amp; Hotel<\/title>\n<meta name=\"robots\" content=\"index, follow\" \/>\n<meta name=\"googlebot\" content=\"index, follow, max-snippet:-1, max-image-preview:large, max-video-preview:-1\" \/>\n<meta name=\"bingbot\" content=\"index, follow, max-snippet:-1, max-image-preview:large, max-video-preview:-1\" \/>\n<link rel=\"canonical\" href=\"https:\/\/beachin.ch\/fr\/plan-du-site\/\" \/>\n<meta property=\"og:locale\" content=\"fr_FR\" \/>\n<meta property=\"og:type\" content=\"article\" \/>\n<meta property=\"og:title\" content=\"Plan du site &ndash; BeachIN Sport, Bar &amp; Hotel\" \/>\n<meta property=\"og:description\" content=\"[vc_row][vc_column][vc_column_text] Plan du site [\/vc_column_text][\/vc_column][\/vc_row][vc_row full_width=&#8221;stretch_row_content_no_spaces&#8221; css_animation=&#8221;slideInUp&#8221; css=&#8221;.vc_custom_1539348550023{margin-right: 0px !important;margin-bottom: 0px !important;border-bottom-width: 0px !important;padding-bottom: 0px !important;}&#8221;][vc_column][vc_widget_sidebar sidebar_id=&#8221;extended_footer_newsletter&#8221;][\/vc_column][\/vc_row]\" \/>\n<meta property=\"og:url\" content=\"https:\/\/beachin.ch\/fr\/plan-du-site\/\" \/>\n<meta property=\"og:site_name\" content=\"BeachIN Sport, Bar &amp; Hotel\" \/>\n<meta property=\"article:modified_time\" content=\"2019-03-21T09:40:00+00:00\" \/>\n<meta name=\"twitter:card\" content=\"summary_large_image\" \/>\n<script type=\"application\/ld+json\" class=\"yoast-schema-graph\">{\"@context\":\"https:\/\/schema.org\",\"@graph\":[{\"@type\":\"WebSite\",\"@id\":\"https:\/\/beachin.ch\/fr\/#website\",\"url\":\"https:\/\/beachin.ch\/fr\/\",\"name\":\"BeachIN Sport, Bar &amp; Hotel\",\"description\":\"Strandfeeling das ganze Jahr!\",\"potentialAction\":[{\"@type\":\"SearchAction\",\"target\":\"https:\/\/beachin.ch\/fr\/?s={search_term_string}\",\"query-input\":\"required name=search_term_string\"}],\"inLanguage\":\"fr-FR\"},{\"@type\":\"WebPage\",\"@id\":\"https:\/\/beachin.ch\/fr\/plan-du-site\/#webpage\",\"url\":\"https:\/\/beachin.ch\/fr\/plan-du-site\/\",\"name\":\"Plan du site &ndash; BeachIN Sport, Bar &amp; Hotel\",\"isPartOf\":{\"@id\":\"https:\/\/beachin.ch\/fr\/#website\"},\"datePublished\":\"2018-11-23T12:47:40+00:00\",\"dateModified\":\"2019-03-21T09:40:00+00:00\",\"inLanguage\":\"fr-FR\",\"potentialAction\":[{\"@type\":\"ReadAction\",\"target\":[\"https:\/\/beachin.ch\/fr\/plan-du-site\/\"]}]}]}<\/script>\n<!-- \/ Yoast SEO plugin. -->","_links":{"self":[{"href":"https:\/\/beachin.ch\/fr\/wp-json\/wp\/v2\/pages\/1326"}],"collection":[{"href":"https:\/\/beachin.ch\/fr\/wp-json\/wp\/v2\/pages"}],"about":[{"href":"https:\/\/beachin.ch\/fr\/wp-json\/wp\/v2\/types\/page"}],"author":[{"embeddable":true,"href":"https:\/\/beachin.ch\/fr\/wp-json\/wp\/v2\/users\/1"}],"replies":[{"embeddable":true,"href":"https:\/\/beachin.ch\/fr\/wp-json\/wp\/v2\/comments?post=1326"}],"version-history":[{"count":2,"href":"https:\/\/beachin.ch\/fr\/wp-json\/wp\/v2\/pages\/1326\/revisions"}],"predecessor-version":[{"id":3273,"href":"https:\/\/beachin.ch\/fr\/wp-json\/wp\/v2\/pages\/1326\/revisions\/3273"}],"wp:attachment":[{"href":"https:\/\/beachin.ch\/fr\/wp-json\/wp\/v2\/media?parent=1326"}],"curies":[{"name":"wp","href":"https:\/\/api.w.org\/{rel}","templated":true}]}}